{"id":2571,"date":"2025-06-06T11:35:17","date_gmt":"2025-06-06T17:35:17","guid":{"rendered":"https:\/\/www.uees.edu.sv\/congreso-uees\/?page_id=2571"},"modified":"2026-04-28T10:55:25","modified_gmt":"2026-04-28T16:55:25","slug":"convocatoria-de-expositores-2026","status":"publish","type":"page","link":"https:\/\/www.uees.edu.sv\/congreso-uees\/","title":{"rendered":"Convocatoria de expositores 2026"},"content":{"rendered":"\t\t<div data-elementor-type=\"wp-page\" data-elementor-id=\"2571\" class=\"elementor elementor-2571\" data-elementor-post-type=\"page\">\n\t\t\t\t<div class=\"elementor-element elementor-element-242ecc7 e-flex e-con-boxed e-con e-parent\" data-id=\"242ecc7\" data-element_type=\"container\" data-settings=\"{&quot;background_background&quot;:&quot;classic&quot;}\">\n\t\t\t\t\t<div class=\"e-con-inner\">\n\t\t<div class=\"elementor-element elementor-element-ee8ba95 e-con-full e-flex e-con e-child\" data-id=\"ee8ba95\" data-element_type=\"container\" data-settings=\"{&quot;background_background&quot;:&quot;classic&quot;}\">\n\t\t\t\t<div class=\"elementor-element elementor-element-ecdf293 elementor-widget elementor-widget-spacer\" data-id=\"ecdf293\" data-element_type=\"widget\" data-widget_type=\"spacer.default\">\n\t\t\t\t<div class=\"elementor-widget-container\">\n\t\t\t\t\t\t\t<div class=\"elementor-spacer\">\n\t\t\t<div class=\"elementor-spacer-inner\"><\/div>\n\t\t<\/div>\n\t\t\t\t\t\t<\/div>\n\t\t\t\t<\/div>\n\t\t\t\t<div class=\"elementor-element elementor-element-f311880 elementor-invisible elementor-widget elementor-widget-heading\" data-id=\"f311880\" data-element_type=\"widget\" data-settings=\"{&quot;_animation&quot;:&quot;fadeInDown&quot;}\" data-widget_type=\"heading.default\">\n\t\t\t\t<div class=\"elementor-widget-container\">\n\t\t\t\t\t<h2 class=\"elementor-heading-title elementor-size-default\">XIII\u00b0 CONGRESO INTERNACIONAL<\/h2>\t\t\t\t<\/div>\n\t\t\t\t<\/div>\n\t\t\t\t<div class=\"elementor-element elementor-element-f200ae4 elementor-invisible elementor-widget elementor-widget-heading\" data-id=\"f200ae4\" data-element_type=\"widget\" data-settings=\"{&quot;_animation&quot;:&quot;fadeIn&quot;}\" data-widget_type=\"heading.default\">\n\t\t\t\t<div class=\"elementor-widget-container\">\n\t\t\t\t\t<h2 class=\"elementor-heading-title elementor-size-default\">DE INVESTIGACI\u00d3N CIENT\u00cdFICA<BR>\nE INNOVACI\u00d3N UEES 2026<\/h2>\t\t\t\t<\/div>\n\t\t\t\t<\/div>\n\t\t<div class=\"elementor-element elementor-element-0bc5ec2 e-con-full e-flex elementor-invisible e-con e-child\" data-id=\"0bc5ec2\" data-element_type=\"container\" data-settings=\"{&quot;background_background&quot;:&quot;classic&quot;,&quot;animation&quot;:&quot;zoomIn&quot;}\">\n\t\t\t\t<div class=\"elementor-element elementor-element-f02aaa2 elementor-widget elementor-widget-heading\" data-id=\"f02aaa2\" data-element_type=\"widget\" data-widget_type=\"heading.default\">\n\t\t\t\t<div class=\"elementor-widget-container\">\n\t\t\t\t\t<p class=\"elementor-heading-title elementor-size-default\">M\u00e1s all\u00e1 de la investigaci\u00f3n: <BR>\nconocimientos que transforman realidades<\/p>\t\t\t\t<\/div>\n\t\t\t\t<\/div>\n\t\t\t\t<\/div>\n\t\t<div class=\"elementor-element elementor-element-70b162e e-con-full e-flex elementor-invisible e-con e-child\" data-id=\"70b162e\" data-element_type=\"container\" data-settings=\"{&quot;animation&quot;:&quot;fadeInUp&quot;}\">\n\t\t\t\t<div class=\"elementor-element elementor-element-bff42a7 elementor-widget elementor-widget-heading\" data-id=\"bff42a7\" data-element_type=\"widget\" data-widget_type=\"heading.default\">\n\t\t\t\t<div class=\"elementor-widget-container\">\n\t\t\t\t\t<h2 class=\"elementor-heading-title elementor-size-default\"><span class=\"a_GcMg font-feature-liga-off font-feature-clig-off font-feature-calt-off text-decoration-none text-strikethrough-none\" style=\"--Ys-XuQ: none\">del 21 al 23 de septiembre 2026<\/span><\/h2>\t\t\t\t<\/div>\n\t\t\t\t<\/div>\n\t\t\t\t<div class=\"elementor-element elementor-element-202eab5 elementor-countdown--label-block elementor-widget elementor-widget-countdown\" data-id=\"202eab5\" data-element_type=\"widget\" data-widget_type=\"countdown.default\">\n\t\t\t\t<div class=\"elementor-widget-container\">\n\t\t\t\t\t\t\t<div data-expire-actions=\"[{&quot;type&quot;:&quot;hide&quot;}]\" class=\"elementor-countdown-wrapper\" data-date=\"1789999200\">\n\t\t\t<div class=\"elementor-countdown-item\"><span class=\"elementor-countdown-digits elementor-countdown-days\"><\/span> <span class=\"elementor-countdown-label\">D\u00edas<\/span><\/div><div class=\"elementor-countdown-item\"><span class=\"elementor-countdown-digits elementor-countdown-hours\"><\/span> <span class=\"elementor-countdown-label\">Horas<\/span><\/div><div class=\"elementor-countdown-item\"><span class=\"elementor-countdown-digits elementor-countdown-minutes\"><\/span> <span class=\"elementor-countdown-label\">Minutos<\/span><\/div><div class=\"elementor-countdown-item\"><span class=\"elementor-countdown-digits elementor-countdown-seconds\"><\/span> <span class=\"elementor-countdown-label\">Segundos<\/span><\/div>\t\t<\/div>\n\t\t\t\t\t\t<\/div>\n\t\t\t\t<\/div>\n\t\t\t\t<\/div>\n\t\t\t\t<div class=\"elementor-element elementor-element-3e364fc elementor-invisible elementor-widget elementor-widget-heading\" data-id=\"3e364fc\" data-element_type=\"widget\" data-settings=\"{&quot;_animation&quot;:&quot;zoomIn&quot;}\" data-widget_type=\"heading.default\">\n\t\t\t\t<div class=\"elementor-widget-container\">\n\t\t\t\t\t<h2 class=\"elementor-heading-title elementor-size-default\">MODALIDAD H\u00cdBRIDA<\/h2>\t\t\t\t<\/div>\n\t\t\t\t<\/div>\n\t\t\t\t<div class=\"elementor-element elementor-element-7bac454 elementor-widget elementor-widget-spacer\" data-id=\"7bac454\" data-element_type=\"widget\" data-widget_type=\"spacer.default\">\n\t\t\t\t<div class=\"elementor-widget-container\">\n\t\t\t\t\t\t\t<div class=\"elementor-spacer\">\n\t\t\t<div class=\"elementor-spacer-inner\"><\/div>\n\t\t<\/div>\n\t\t\t\t\t\t<\/div>\n\t\t\t\t<\/div>\n\t\t\t\t<\/div>\n\t\t\t\t\t<\/div>\n\t\t\t\t<\/div>\n\t\t<div class=\"elementor-element elementor-element-e18810c e-flex e-con-boxed e-con e-parent\" data-id=\"e18810c\" data-element_type=\"container\">\n\t\t\t\t\t<div class=\"e-con-inner\">\n\t\t<div class=\"elementor-element elementor-element-4a26fae e-con-full e-flex e-con e-child\" data-id=\"4a26fae\" data-element_type=\"container\">\n\t\t<div class=\"elementor-element elementor-element-4bffcdc e-con-full e-flex e-con e-child\" data-id=\"4bffcdc\" data-element_type=\"container\">\n\t\t\t\t<div class=\"elementor-element elementor-element-57c30a7 elementor-widget elementor-widget-text-editor\" data-id=\"57c30a7\" data-element_type=\"widget\" data-widget_type=\"text-editor.default\">\n\t\t\t\t<div class=\"elementor-widget-container\">\n\t\t\t\t\t\t\t\t\t<p style=\"text-align: left;\"><strong style=\"color: #0b227c;\">INTRODUCCI\u00d3N<\/strong><\/p><p><span class=\"TextRun SCXW243288944 BCX0\" lang=\"ES-SV\" xml:lang=\"ES-SV\" data-contrast=\"auto\"><span class=\"NormalTextRun SCXW243288944 BCX0\" data-ccp-charstyle=\"a_gcmg\" data-ccp-charstyle-defn=\"{&quot;ObjectId&quot;:&quot;88cd15c7-f72d-52cb-8839-f712b1bad34d|1&quot;,&quot;ClassId&quot;:1073872969,&quot;Properties&quot;:[201342446,&quot;1&quot;,201342447,&quot;5&quot;,201342448,&quot;1&quot;,201342449,&quot;1&quot;,469777841,&quot;Calibri&quot;,469777842,&quot;&quot;,469777843,&quot;Calibri&quot;,469777844,&quot;Calibri&quot;,201341986,&quot;1&quot;,469769226,&quot;Calibri&quot;,268442635,&quot;22&quot;,469775450,&quot;a_gcmg&quot;,201340122,&quot;1&quot;,134233614,&quot;true&quot;,469778129,&quot;agcmg&quot;,335572020,&quot;1&quot;,469778324,&quot;Default Paragraph Font&quot;]}\">La Vicerrector\u00eda de investigaci\u00f3n y Vinculaci\u00f3n por medio de la Direcci\u00f3n de Investigaci\u00f3n y Difusi\u00f3n promueve la difusi\u00f3n cient\u00edfica realizada en las distintas l\u00edneas de investigaci\u00f3n en la Universidad Evang\u00e9lica de El Salvador con el objetivo de compartir resultados que brinden respuestas a problem\u00e1ticas planteadas por la sociedad. Es por ello\u00a0<\/span><span class=\"NormalTextRun AdvancedProofingIssueV2Themed SCXW243288944 BCX0\" data-ccp-charstyle=\"a_gcmg\">que<\/span><span class=\"NormalTextRun SCXW243288944 BCX0\" data-ccp-charstyle=\"a_gcmg\">\u00a0cada a\u00f1o se organiza un espacio en el cual docentes investigadores de Universidades Nacionales como Internacionales tienen la oportunidad de presentar sus trabajos cient\u00edficos en diferentes modalidades.<\/span><\/span><span class=\"EOP SCXW243288944 BCX0\" data-ccp-props=\"{&quot;335551550&quot;:6,&quot;335551620&quot;:6}\">\u00a0<\/span><\/p>\t\t\t\t\t\t\t\t<\/div>\n\t\t\t\t<\/div>\n\t\t\t\t<div class=\"elementor-element elementor-element-1a3c53a elementor-widget elementor-widget-text-editor\" data-id=\"1a3c53a\" data-element_type=\"widget\" data-widget_type=\"text-editor.default\">\n\t\t\t\t<div class=\"elementor-widget-container\">\n\t\t\t\t\t\t\t\t\t<p><span class=\"TextRun SCXW204934408 BCX0\" lang=\"ES-SV\" xml:lang=\"ES-SV\" data-contrast=\"auto\"><span class=\"NormalTextRun SCXW204934408 BCX0\" data-ccp-charstyle=\"a_gcmg\" data-ccp-charstyle-defn=\"{&quot;ObjectId&quot;:&quot;88cd15c7-f72d-52cb-8839-f712b1bad34d|1&quot;,&quot;ClassId&quot;:1073872969,&quot;Properties&quot;:[201342446,&quot;1&quot;,201342447,&quot;5&quot;,201342448,&quot;1&quot;,201342449,&quot;1&quot;,469777841,&quot;Calibri&quot;,469777842,&quot;&quot;,469777843,&quot;Calibri&quot;,469777844,&quot;Calibri&quot;,201341986,&quot;1&quot;,469769226,&quot;Calibri&quot;,268442635,&quot;22&quot;,469775450,&quot;a_gcmg&quot;,201340122,&quot;1&quot;,134233614,&quot;true&quot;,469778129,&quot;agcmg&quot;,335572020,&quot;1&quot;,469778324,&quot;Default Paragraph Font&quot;]}\">El objetivo del congreso es generar un espacio de difusi\u00f3n de la investigaci\u00f3n cient\u00edfica desarrollada a nivel nacional e internacionales, para identificar los impactos sociales, econ\u00f3micos y pol\u00edtica p\u00fablica beneficiando a la sociedad civil e instituciones gubernamentales<\/span><span class=\"NormalTextRun SCXW204934408 BCX0\" data-ccp-charstyle=\"a_gcmg\">.<\/span><\/span><span class=\"EOP SCXW204934408 BCX0\" data-ccp-props=\"{&quot;335551550&quot;:6,&quot;335551620&quot;:6}\">\u00a0<\/span><\/p>\t\t\t\t\t\t\t\t<\/div>\n\t\t\t\t<\/div>\n\t\t\t\t<div class=\"elementor-element elementor-element-7844282 elementor-widget elementor-widget-text-editor\" data-id=\"7844282\" data-element_type=\"widget\" data-widget_type=\"text-editor.default\">\n\t\t\t\t<div class=\"elementor-widget-container\">\n\t\t\t\t\t\t\t\t\t<p><strong style=\"color: #0b227c;\">DESCRIPCI\u00d3N<\/strong><\/p><p><span class=\"TextRun SCXW58562294 BCX0\" lang=\"ES-SV\" xml:lang=\"ES-SV\" data-contrast=\"auto\"><span class=\"NormalTextRun SCXW58562294 BCX0\">El Congreso Cient\u00edfico Internacional se posiciona como un espacio de intercambio de ciencia entre diversas disciplinas y experiencias investigativas. Por su nueva modalidad, se espera que los trabajos a presentar sean liderados por estudiantes que sean parte de semilleros de investigaci\u00f3n, talleres de investigaci\u00f3n \u2013 tesis de grado, docentes investigadores e investigadores de universidades nacionales e internacionales.<\/span><\/span><span class=\"EOP SCXW58562294 BCX0\" data-ccp-props=\"{&quot;335551550&quot;:6,&quot;335551620&quot;:6}\">\u00a0<\/span><\/p>\t\t\t\t\t\t\t\t<\/div>\n\t\t\t\t<\/div>\n\t\t\t\t<\/div>\n\t\t\t\t<\/div>\n\t\t<div class=\"elementor-element elementor-element-dc08b49 e-con-full e-flex e-con e-child\" data-id=\"dc08b49\" data-element_type=\"container\">\n\t\t<div class=\"elementor-element elementor-element-a7f15d3 e-con-full e-flex e-con e-child\" data-id=\"a7f15d3\" data-element_type=\"container\">\n\t\t\t\t<div class=\"elementor-element elementor-element-908aef7 elementor-widget elementor-widget-text-editor\" data-id=\"908aef7\" data-element_type=\"widget\" data-widget_type=\"text-editor.default\">\n\t\t\t\t<div class=\"elementor-widget-container\">\n\t\t\t\t\t\t\t\t\t<p style=\"text-align: center;\"><strong style=\"color: #0b227c;\">FECHAS IMPORTANTES<\/strong><\/p>\t\t\t\t\t\t\t\t<\/div>\n\t\t\t\t<\/div>\n\t\t\t\t<div class=\"elementor-element elementor-element-98836d6 elementor-widget elementor-widget-shortcode\" data-id=\"98836d6\" data-element_type=\"widget\" data-widget_type=\"shortcode.default\">\n\t\t\t\t<div class=\"elementor-widget-container\">\n\t\t\t\t\t\t\t<div class=\"elementor-shortcode\">        \n            <!-- Timeline Meta Data -->\n                    \n            <!-- Start Parent Container -->\n            <div id=\"btimeline-4335\">\n                <div class=\"timeline bp_titleline\" data-timeline='{&quot;timeline_type&quot;:&quot;vertical&quot;,&quot;content_position&quot;:&quot;default&quot;,&quot;date_location&quot;:&quot;left&quot;,&quot;item_datas&quot;:[{&quot;date_label&quot;:&quot;15 de marzo a 14 de junio 2026&quot;,&quot;item_details&quot;:&quot;Convocatoria inscripci\\u00f3n de ponencias y posters cient\\u00edficos a investigadores.&quot;},{&quot;date_label&quot;:&quot;20 de julio 2026&quot;,&quot;item_details&quot;:&quot;Fecha de notificaci\\u00f3n de Aceptaci\\u00f3n \\\/ No aceptaci\\u00f3n&quot;},{&quot;date_label&quot;:&quot;20 de julio 2026&quot;,&quot;item_details&quot;:&quot;Indicaciones para propuestas aceptadas&quot;},{&quot;date_label&quot;:&quot;14 de agosto 2026&quot;,&quot;item_details&quot;:&quot;Fecha l\\u00edmite de recepci\\u00f3n de Ppt o Videos&quot;},{&quot;date_label&quot;:&quot;4 de septiembre 2026&quot;,&quot;item_details&quot;:&quot;Publicaci\\u00f3n de programa del Congreso UEES 2026&quot;},{&quot;date_label&quot;:&quot;22 de septiembre 2026&quot;,&quot;item_details&quot;:&quot;inicio de conferencias y presentaci\\u00f3n de investigaciones&quot;}],&quot;start_item&quot;:&quot;0&quot;,&quot;move_item&quot;:&quot;1&quot;,&quot;visible_items&quot;:&quot;3&quot;,&quot;vertica_trigger&quot;:&quot;15&quot;,&quot;rtl_mode&quot;:&quot;&quot;,&quot;bar_bg_color&quot;:&quot;#0b227c&quot;,&quot;bar_dot_color&quot;:&quot;#0b227c&quot;,&quot;item_bg&quot;:&quot;#ffffff&quot;,&quot;item_color&quot;:&quot;#333333&quot;,&quot;item_fontWeight&quot;:&quot;normal&quot;,&quot;item_fontStyle&quot;:&quot;normal&quot;,&quot;item_fontSize&quot;:&quot;18&quot;,&quot;item_border_size&quot;:&quot;1&quot;,&quot;item_border_color&quot;:&quot;#cccccc&quot;,&quot;label_fontSize&quot;:&quot;16&quot;,&quot;lebel_fontWeight&quot;:&quot;bold&quot;,&quot;label_fontStyle&quot;:&quot;normal&quot;,&quot;label_color&quot;:&quot;#222222&quot;}'>\n                    <div class=\"timeline__wrap\">\n                        <div class=\"timeline__items\">\n        \n                                    \n                                <div class=\"timeline__item  fadeIn\">\n                                    <div class=\"timeline__item__inner\">\n                                        <div class=\"timeline__content__wrap\">\n                                            <div class=\"timeline__content\">\n                                                <p class=\"title\">15 de marzo a 14 de junio 2026 <\/p>\n                                                <p>Convocatoria inscripci\u00f3n de ponencias y posters cient\u00edficos a investigadores. <\/p>\n                                            <\/div>\n                                        <\/div>\n                                    <\/div>\n                                <\/div>\n        \n                                    \n                                <div class=\"timeline__item  fadeIn\">\n                                    <div class=\"timeline__item__inner\">\n                                        <div class=\"timeline__content__wrap\">\n                                            <div class=\"timeline__content\">\n                                                <p class=\"title\">20 de julio 2026 <\/p>\n                                                <p>Fecha de notificaci\u00f3n de Aceptaci\u00f3n \/ No aceptaci\u00f3n <\/p>\n                                            <\/div>\n                                        <\/div>\n                                    <\/div>\n                                <\/div>\n        \n                                    \n                                <div class=\"timeline__item  fadeIn\">\n                                    <div class=\"timeline__item__inner\">\n                                        <div class=\"timeline__content__wrap\">\n                                            <div class=\"timeline__content\">\n                                                <p class=\"title\">20 de julio 2026 <\/p>\n                                                <p>Indicaciones para propuestas aceptadas <\/p>\n                                            <\/div>\n                                        <\/div>\n                                    <\/div>\n                                <\/div>\n        \n                                    \n                                <div class=\"timeline__item  fadeIn\">\n                                    <div class=\"timeline__item__inner\">\n                                        <div class=\"timeline__content__wrap\">\n                                            <div class=\"timeline__content\">\n                                                <p class=\"title\">14 de agosto 2026 <\/p>\n                                                <p>Fecha l\u00edmite de recepci\u00f3n de Ppt o Videos <\/p>\n                                            <\/div>\n                                        <\/div>\n                                    <\/div>\n                                <\/div>\n        \n                                    \n                                <div class=\"timeline__item  fadeIn\">\n                                    <div class=\"timeline__item__inner\">\n                                        <div class=\"timeline__content__wrap\">\n                                            <div class=\"timeline__content\">\n                                                <p class=\"title\">4 de septiembre 2026 <\/p>\n                                                <p>Publicaci\u00f3n de programa del Congreso UEES 2026 <\/p>\n                                            <\/div>\n                                        <\/div>\n                                    <\/div>\n                                <\/div>\n        \n                                    \n                                <div class=\"timeline__item  fadeIn\">\n                                    <div class=\"timeline__item__inner\">\n                                        <div class=\"timeline__content__wrap\">\n                                            <div class=\"timeline__content\">\n                                                <p class=\"title\">22 de septiembre 2026 <\/p>\n                                                <p>inicio de conferencias y presentaci\u00f3n de investigaciones <\/p>\n                                            <\/div>\n                                        <\/div>\n                                    <\/div>\n                                <\/div>\n        \n                                                    <\/div>\n                    <\/div>\n                <\/div>\n            <\/div> <!-- End Parent Container -->\n            <style>\n                #btimeline-4335                .timeline__content {\n                    background:\n                        #ffffff                    ;\n                    border:\n                        1                        px solid\n                        #cccccc                    ;\n        \n                }\n        \n                #btimeline-4335                .timeline__content .title{\n                    font-size: 18px;\n                    color: #333333;\n                    font-style: normal;\n                    font-weight: normal                }\n        \n                #btimeline-4335                .timeline__content p {\n                    font-size: 16 px;\n                    color: #222222;\n                    font-style: normal;\n                    font-weight: bold                }\n        \n                \/* Timeline Dot *\/\n                #btimeline-4335                .timeline__item::after {\n                    background-color: '#fff';\n                    border: 5px solid #0b227c;\n                }\n        \n                #btimeline-4335                .timeline--horizontal .timeline-divider,\n                #btimeline-4335                .timeline:not(.timeline--horizontal)::before {\n                    background-color: #0b227c;\n                }\n        \n                #btimeline-4335                .timeline__item--left .timeline__content::before {\n                    border-left: 11px solid\n                        #cccccc                    ;\n                }\n        \n                #btimeline-4335                .timeline__item--right .timeline__content::before {\n                    border-right: 12px solid\n                        #cccccc                    ;\n                }\n        \n                #btimeline-4335                .timeline__item--left .timeline__content::after {\n                    border-left: 11px solid\n                        #ffffff                    ;\n                }\n        \n                #btimeline-4335                .timeline__item--right .timeline__content::after {\n                    border-right: 12px solid\n                        #ffffff                    ;\n                }\n        \n                #btimeline-4335                .timeline__item.timeline__item--top .timeline__content::before {\n                    border-top: 14px solid\n                        #cccccc                        !important;\n                }\n        \n                #btimeline-4335                .timeline__item.timeline__item--bottom .timeline__content::before {\n                    border-bottom: 14px solid\n                        #cccccc                        !important;\n                    border-top: none;\n                }\n        \n                \/* Horizontal view *\/\n                #btimeline-4335                .timeline__item.timeline__item--top .timeline__content::after {\n                    border-top: 12px solid\n                        #ffffff                    ;\n                }\n        \n                #btimeline-4335                .timeline__item.timeline__item--bottom .timeline__content::after {\n                    border-bottom: 12px solid\n                        #ffffff                    ;\n                    border-top: none;\n                }\n        \n                \/* Mobaile view *\/\n                #btimeline-4335                .timeline--mobile .timeline__wrap .timeline__items {\n                    height: auto !important;\n                }\n    \n                #btimeline-4335                .timeline--mobile .timeline__item .timeline__content::before {\n                    border-left: none;\n                    border-right: 12px solid\n                        #cccccc                    ;\n                }\n        \n                #btimeline-4335                .timeline--mobile .timeline__item .timeline__content::after {\n                    border-left: none;\n                    border-right: 12px solid\n                        #ffffff                    ;\n                }\n        \n                #btimeline-4335                .timeline-nav-button {\n                    background-color: #fff;\n                    border: 2px solid\n                        #0b227c                    ;\n                }\n            <\/style>\n        \n            <\/div>\n\t\t\t\t\t\t<\/div>\n\t\t\t\t<\/div>\n\t\t\t\t<\/div>\n\t\t\t\t<\/div>\n\t\t<div class=\"elementor-element elementor-element-3060b8f e-con-full e-flex e-con e-child\" data-id=\"3060b8f\" data-element_type=\"container\">\n\t\t\t\t<div class=\"elementor-element elementor-element-d5cda7e elementor-widget elementor-widget-text-editor\" data-id=\"d5cda7e\" data-element_type=\"widget\" data-widget_type=\"text-editor.default\">\n\t\t\t\t<div class=\"elementor-widget-container\">\n\t\t\t\t\t\t\t\t\t<p>El congreso multidisciplinario convoca las siguientes \u00e1reas:<\/p>\t\t\t\t\t\t\t\t<\/div>\n\t\t\t\t<\/div>\n\t\t<div class=\"elementor-element elementor-element-3a636ae e-con-full e-flex e-con e-child\" data-id=\"3a636ae\" data-element_type=\"container\">\n\t\t<div class=\"elementor-element elementor-element-dc391ce e-con-full e-grid e-con e-child\" data-id=\"dc391ce\" data-element_type=\"container\">\n\t\t<div class=\"elementor-element elementor-element-dcbbff6 e-con-full e-flex e-con e-child\" data-id=\"dcbbff6\" data-element_type=\"container\" data-settings=\"{&quot;background_background&quot;:&quot;classic&quot;}\">\n\t\t\t\t<div class=\"elementor-element elementor-element-e528cdc elementor-widget elementor-widget-text-editor\" data-id=\"e528cdc\" data-element_type=\"widget\" data-widget_type=\"text-editor.default\">\n\t\t\t\t<div class=\"elementor-widget-container\">\n\t\t\t\t\t\t\t\t\t<p>GT-1 Producci\u00f3n cient\u00edfica que genera propiedad intelectual<\/p>\t\t\t\t\t\t\t\t<\/div>\n\t\t\t\t<\/div>\n\t\t\t\t<div class=\"elementor-element elementor-element-2a39cd4 elementor-widget elementor-widget-text-editor\" data-id=\"2a39cd4\" data-element_type=\"widget\" data-widget_type=\"text-editor.default\">\n\t\t\t\t<div class=\"elementor-widget-container\">\n\t\t\t\t\t\t\t\t\t<p style=\"text-align: left;\">Obj. Presentar investigaciones que como resultado final haya tenido alg\u00fan tipo de registro de propiedad intelectual<\/p>\t\t\t\t\t\t\t\t<\/div>\n\t\t\t\t<\/div>\n\t\t\t\t<div class=\"elementor-element elementor-element-5fe7503 elementor-widget elementor-widget-text-editor\" data-id=\"5fe7503\" data-element_type=\"widget\" data-widget_type=\"text-editor.default\">\n\t\t\t\t<div class=\"elementor-widget-container\">\n\t\t\t\t\t\t\t\t\t<p style=\"text-align: left;\">Se aceptan trabajos provenientes de las \u00e1reas de Salud, Derecho, Educaci\u00f3n Humanidades y Ciencias Sociales, Econom\u00eda, Administraci\u00f3n y Comercio, Tecnolog\u00eda<\/p>\t\t\t\t\t\t\t\t<\/div>\n\t\t\t\t<\/div>\n\t\t\t\t<\/div>\n\t\t<div class=\"elementor-element elementor-element-19dbe9b e-con-full e-flex e-con e-child\" data-id=\"19dbe9b\" data-element_type=\"container\" data-settings=\"{&quot;background_background&quot;:&quot;classic&quot;}\">\n\t\t\t\t<div class=\"elementor-element elementor-element-4706ccd elementor-widget elementor-widget-text-editor\" data-id=\"4706ccd\" data-element_type=\"widget\" data-widget_type=\"text-editor.default\">\n\t\t\t\t<div class=\"elementor-widget-container\">\n\t\t\t\t\t\t\t\t\t<p>GT-2 Intervencion social basada en evidencia<\/p>\t\t\t\t\t\t\t\t<\/div>\n\t\t\t\t<\/div>\n\t\t\t\t<div class=\"elementor-element elementor-element-ca00e3c elementor-widget elementor-widget-text-editor\" data-id=\"ca00e3c\" data-element_type=\"widget\" data-widget_type=\"text-editor.default\">\n\t\t\t\t<div class=\"elementor-widget-container\">\n\t\t\t\t\t\t\t\t\t<p style=\"text-align: left;\">Obj. Presentar estudios que deriven en buenas pr\u00e1cticas de intervenci\u00f3n comunitaria o sistematizacion de buenas experiencias<\/p>\t\t\t\t\t\t\t\t<\/div>\n\t\t\t\t<\/div>\n\t\t\t\t<div class=\"elementor-element elementor-element-fdc4971 elementor-widget elementor-widget-text-editor\" data-id=\"fdc4971\" data-element_type=\"widget\" data-widget_type=\"text-editor.default\">\n\t\t\t\t<div class=\"elementor-widget-container\">\n\t\t\t\t\t\t\t\t\t<p style=\"text-align: left;\">Se aceptan trabajos provenientes de las \u00e1reas de Salud, Derecho, Educaci\u00f3n Humanidades y Ciencias Sociales, Econom\u00eda, Administraci\u00f3n y Comercio, Tecnolog\u00eda<\/p>\t\t\t\t\t\t\t\t<\/div>\n\t\t\t\t<\/div>\n\t\t\t\t<\/div>\n\t\t<div class=\"elementor-element elementor-element-6e2172d e-con-full e-flex e-con e-child\" data-id=\"6e2172d\" data-element_type=\"container\" data-settings=\"{&quot;background_background&quot;:&quot;classic&quot;}\">\n\t\t\t\t<div class=\"elementor-element elementor-element-b4730c7 elementor-widget elementor-widget-text-editor\" data-id=\"b4730c7\" data-element_type=\"widget\" data-widget_type=\"text-editor.default\">\n\t\t\t\t<div class=\"elementor-widget-container\">\n\t\t\t\t\t\t\t\t\t<p>GT-3 Experiencias investigativas y publicaci\u00f3n cient\u00edfica<\/p>\t\t\t\t\t\t\t\t<\/div>\n\t\t\t\t<\/div>\n\t\t\t\t<div class=\"elementor-element elementor-element-62b2ce4 elementor-widget elementor-widget-text-editor\" data-id=\"62b2ce4\" data-element_type=\"widget\" data-widget_type=\"text-editor.default\">\n\t\t\t\t<div class=\"elementor-widget-container\">\n\t\t\t\t\t\t\t\t\t<p style=\"text-align: left;\">Difusi\u00f3n de resultados de investigaci\u00f3n, sean estos in\u00e9ditos o publicados en revistas<\/p>\t\t\t\t\t\t\t\t<\/div>\n\t\t\t\t<\/div>\n\t\t\t\t<div class=\"elementor-element elementor-element-4bfa42d elementor-widget elementor-widget-text-editor\" data-id=\"4bfa42d\" data-element_type=\"widget\" data-widget_type=\"text-editor.default\">\n\t\t\t\t<div class=\"elementor-widget-container\">\n\t\t\t\t\t\t\t\t\t<p style=\"text-align: left;\">Se aceptan trabajos provenientes de las \u00e1reas de Salud, Derecho, Educaci\u00f3n Humanidades y Ciencias Sociales, Econom\u00eda, Administraci\u00f3n y Comercio, Tecnolog\u00eda<\/p>\t\t\t\t\t\t\t\t<\/div>\n\t\t\t\t<\/div>\n\t\t\t\t<\/div>\n\t\t\t\t<\/div>\n\t\t\t\t<div class=\"elementor-element elementor-element-5056e41 elementor-widget elementor-widget-text-editor\" data-id=\"5056e41\" data-element_type=\"widget\" data-widget_type=\"text-editor.default\">\n\t\t\t\t<div class=\"elementor-widget-container\">\n\t\t\t\t\t\t\t\t\t<p><span class=\"TextRun SCXW121753477 BCX0\" lang=\"ES-SV\" xml:lang=\"ES-SV\" data-contrast=\"auto\"><span class=\"NormalTextRun SCXW121753477 BCX0\">Los investigadores podr\u00e1n presentar resultados in\u00e9ditos o no, revisiones bibliogr\u00e1ficas, sistem\u00e1ticas, metaan\u00e1lisis, estudios de caso, en las siguientes modalidades:<\/span><\/span><span class=\"EOP SCXW121753477 BCX0\" data-ccp-props=\"{&quot;335551550&quot;:6,&quot;335551620&quot;:6}\">\u00a0<\/span><\/p><ul><li><strong><span style=\"color: #144a88;\">Comunicaci\u00f3n oral.<\/span><\/strong><\/li><li><strong><span style=\"color: #144a88;\">P\u00f3ster cientifico.<\/span><\/strong><\/li><\/ul>\t\t\t\t\t\t\t\t<\/div>\n\t\t\t\t<\/div>\n\t\t\t\t<div class=\"elementor-element elementor-element-a4cb5eb elementor-widget elementor-widget-text-editor\" data-id=\"a4cb5eb\" data-element_type=\"widget\" data-widget_type=\"text-editor.default\">\n\t\t\t\t<div class=\"elementor-widget-container\">\n\t\t\t\t\t\t\t\t\tLa <span style=\"color: #144a88;\"><strong>UUES<\/strong><\/span> invita a sus investigadores a presentar trabajos completos e in\u00e9ditos para ser postulados a las\nrevistas <span style=\"color: #144a88;\"><strong>Crea Ciencia &#8211; Ciencia Cultura y Sociedad.<\/strong><\/span><br><br>\nLos art\u00edculos aprobados para publicaci\u00f3n ser\u00e1n considerados para los n\u00fameros correspondientes el segundo\ntrimestre del a\u00f1o 2027.\t\t\t\t\t\t\t\t<\/div>\n\t\t\t\t<\/div>\n\t\t\t\t<\/div>\n\t\t\t\t<\/div>\n\t\t<div class=\"elementor-element elementor-element-dfcf037 e-con-full e-flex e-con e-child\" data-id=\"dfcf037\" data-element_type=\"container\">\n\t\t<div class=\"elementor-element elementor-element-27ec0df e-con-full e-flex e-con e-child\" data-id=\"27ec0df\" data-element_type=\"container\">\n\t\t<div class=\"elementor-element elementor-element-b230ecc e-con-full e-flex e-con e-child\" data-id=\"b230ecc\" data-element_type=\"container\">\n\t\t\t\t<div class=\"elementor-element elementor-element-e003d0c elementor-widget elementor-widget-text-editor\" data-id=\"e003d0c\" data-element_type=\"widget\" data-widget_type=\"text-editor.default\">\n\t\t\t\t<div class=\"elementor-widget-container\">\n\t\t\t\t\t\t\t\t\t<p style=\"text-align: left;\"><strong style=\"color: #0b227c;\">Indicaciones de inscripci\u00f3n a ponentes<\/strong><\/p>\t\t\t\t\t\t\t\t<\/div>\n\t\t\t\t<\/div>\n\t\t\t\t<div class=\"elementor-element elementor-element-8eceaeb elementor-widget elementor-widget-html\" data-id=\"8eceaeb\" data-element_type=\"widget\" data-widget_type=\"html.default\">\n\t\t\t\t<div class=\"elementor-widget-container\">\n\t\t\t\t\t<ol style=\"color:#000; font-size:1.08em; padding-left:1.2em; margin:0;\">\r\n  <li style=\"margin-bottom:18px;\">\r\n    Descargar los formatos editables y adecuar la propuesta a presentar.<br>\r\n    <ul style=\"list-style:none; margin:8px 0 0 0; padding:0;\">\r\n      <li style=\"margin-bottom:10px;\">\r\n        <span style=\"font-weight:bold;\">a.<\/span> Formato de resumen \r\n        <a href=\"https:\/\/www.uees.edu.sv\/congreso-uees\/wp-content\/uploads\/2026\/03\/Formato-de-Resumen-2026.docx\" style=\"background:#0b227c; color:#fff; padding:4px 12px; border-radius:5px; text-decoration:none; margin-left:12px; display:inline-block; margin-top:8px;\">Descargar Word<\/a>\r\n        <span style=\"color:#555; font-size:0.95em; margin-left:8px;\">(Resumen y palabras clave m\u00e1x. 300 palabras)<\/span>\r\n      <\/li>\r\n      <li style=\"margin-bottom:10px;\">\r\n        <span style=\"font-weight:bold;\">b.<\/span> Formato de p\u00f3ster \r\n        <a href=\"https:\/\/www.uees.edu.sv\/congreso-uees\/wp-content\/uploads\/2026\/03\/PPT-Poster-2026.pptx\" style=\"background:#f5d904; color:#0b227c; padding:4px 12px; border-radius:5px; text-decoration:none; margin-left:12px; display:inline-block; margin-top:8px;\">Descargar PPT<\/a>\r\n      <\/li>\r\n    <\/ul>\r\n  <\/li>\r\n  <li style=\"margin-bottom:18px;\">\r\n    Inscribirse en el formulario de Ponentes (tener listo el documento que va a adjuntar, seg\u00fan la modalidad elegida):<br>\r\n    <ul style=\"list-style:none; margin:8px 0 0 0; padding:0;\">\r\n      <li>\r\n        <span style=\"font-weight:bold;\">a.<\/span> Resumen\/Abstract (Formato Word Editable)\r\n      <\/li>\r\n      <li>\r\n        <span style=\"font-weight:bold;\">b.<\/span> Formato poster (Formato PowerPoint Editable)\r\n      <\/li>\r\n    <\/ul>\r\n    <a href=\"https:\/\/www.uees.edu.sv\/congreso-uees\/?page_id=3164\" style=\"background:#0b227c; color:#fff; padding:6px 18px; border-radius:5px; text-decoration:none; display:inline-block; margin-top:8px;\">Ir al formulario<\/a>\r\n  <\/li>\r\n  <li>\r\n    Subir el documento con el formato establecido a la carpeta correspondiente.<br>\r\n    <span style=\"color:#16a34a; font-weight:bold;\">Recibir\u00e1 mensaje de env\u00edo exitoso.<\/span>\r\n  <\/li>\r\n<\/ol>\r\n<style>\r\n@media (max-width: 600px) {\r\n  ol, ul { font-size: 1em !important; padding-left: 0.7em !important; }\r\n  ol li { margin-bottom: 14px !important; }\r\n  ul { margin: 6px 0 0 0 !important; }\r\n  a {\r\n    display: block !important;\r\n    margin-left: 0 !important;\r\n    margin-top: 8px !important;\r\n    width: fit-content !important;\r\n  }\r\n  ul li { margin-bottom: 10px !important; }\r\n}\r\n<\/style>\t\t\t\t<\/div>\n\t\t\t\t<\/div>\n\t\t\t\t<\/div>\n\t\t\t\t<\/div>\n\t\t\t\t<\/div>\n\t\t\t\t\t<\/div>\n\t\t\t\t<\/div>\n\t\t<div class=\"elementor-element elementor-element-4a50b83 e-flex e-con-boxed e-con e-parent\" data-id=\"4a50b83\" data-element_type=\"container\">\n\t\t\t\t\t<div class=\"e-con-inner\">\n\t\t<div class=\"elementor-element elementor-element-b186a94 e-grid e-con-full e-con e-child\" data-id=\"b186a94\" data-element_type=\"container\">\n\t\t\t\t<div class=\"elementor-element elementor-element-2bf67b8 elementor-widget elementor-widget-text-editor\" data-id=\"2bf67b8\" data-element_type=\"widget\" data-widget_type=\"text-editor.default\">\n\t\t\t\t<div class=\"elementor-widget-container\">\n\t\t\t\t\t\t\t\t\t<p style=\"text-align: center;\"><strong>Mtro. Miguel Quintanilla<\/strong><br \/>Director de Investigaci\u00f3n y Difusi\u00f3n<br \/>direccion.investigacion@uees.edu.sv<br \/>Tel. 2275 &#8211; 4062<\/p>\t\t\t\t\t\t\t\t<\/div>\n\t\t\t\t<\/div>\n\t\t\t\t<div class=\"elementor-element elementor-element-d0907af elementor-widget elementor-widget-text-editor\" data-id=\"d0907af\" data-element_type=\"widget\" data-widget_type=\"text-editor.default\">\n\t\t\t\t<div class=\"elementor-widget-container\">\n\t\t\t\t\t\t\t\t\t<p style=\"text-align: center;\"><strong>Lic. Carlos Calles<\/strong><br \/>Coordinador de Congreso<br \/>congresocientifico@uees.edu.sv<br \/>Tel: 2275 &#8211; 4027<\/p>\t\t\t\t\t\t\t\t<\/div>\n\t\t\t\t<\/div>\n\t\t\t\t<\/div>\n\t\t\t\t\t<\/div>\n\t\t\t\t<\/div>\n\t\t\t\t<\/div>\n\t\t","protected":false},"excerpt":{"rendered":"<p>XIII\u00b0 CONGRESO INTERNACIONAL DE INVESTIGACI\u00d3N CIENT\u00cdFICA E INNOVACI\u00d3N UEES 2026 M\u00e1s all\u00e1 de la investigaci\u00f3n: conocimientos que transforman realidades del 21 al 23 de septiembre 2026 D\u00edas Horas Minutos Segundos MODALIDAD H\u00cdBRIDA INTRODUCCI\u00d3N La Vicerrector\u00eda de investigaci\u00f3n y Vinculaci\u00f3n por medio de la Direcci\u00f3n de Investigaci\u00f3n y Difusi\u00f3n promueve la difusi\u00f3n cient\u00edfica realizada en las [&hellip;]<\/p>\n","protected":false},"author":1,"featured_media":0,"parent":0,"menu_order":0,"comment_status":"closed","ping_status":"closed","template":"","meta":{"footnotes":""},"class_list":["post-2571","page","type-page","status-publish","hentry"],"rttpg_featured_image_url":null,"rttpg_author":{"display_name":"Antonio","author_link":"https:\/\/www.uees.edu.sv\/congreso-uees\/author\/antonio\/"},"rttpg_comment":0,"rttpg_category":null,"rttpg_excerpt":"XIII\u00b0 CONGRESO INTERNACIONAL DE INVESTIGACI\u00d3N CIENT\u00cdFICA E INNOVACI\u00d3N UEES 2026 M\u00e1s all\u00e1 de la investigaci\u00f3n: conocimientos que transforman realidades del 21 al 23 de septiembre 2026 D\u00edas Horas Minutos Segundos MODALIDAD H\u00cdBRIDA INTRODUCCI\u00d3N La Vicerrector\u00eda de investigaci\u00f3n y Vinculaci\u00f3n por medio de la Direcci\u00f3n de Investigaci\u00f3n y Difusi\u00f3n promueve la difusi\u00f3n cient\u00edfica realizada en las&hellip;","_links":{"self":[{"href":"https:\/\/www.uees.edu.sv\/congreso-uees\/wp-json\/wp\/v2\/pages\/2571","targetHints":{"allow":["GET"]}}],"collection":[{"href":"https:\/\/www.uees.edu.sv\/congreso-uees\/wp-json\/wp\/v2\/pages"}],"about":[{"href":"https:\/\/www.uees.edu.sv\/congreso-uees\/wp-json\/wp\/v2\/types\/page"}],"author":[{"embeddable":true,"href":"https:\/\/www.uees.edu.sv\/congreso-uees\/wp-json\/wp\/v2\/users\/1"}],"replies":[{"embeddable":true,"href":"https:\/\/www.uees.edu.sv\/congreso-uees\/wp-json\/wp\/v2\/comments?post=2571"}],"version-history":[{"count":65,"href":"https:\/\/www.uees.edu.sv\/congreso-uees\/wp-json\/wp\/v2\/pages\/2571\/revisions"}],"predecessor-version":[{"id":4720,"href":"https:\/\/www.uees.edu.sv\/congreso-uees\/wp-json\/wp\/v2\/pages\/2571\/revisions\/4720"}],"wp:attachment":[{"href":"https:\/\/www.uees.edu.sv\/congreso-uees\/wp-json\/wp\/v2\/media?parent=2571"}],"curies":[{"name":"wp","href":"https:\/\/api.w.org\/{rel}","templated":true}]}}